{"id":77,"date":"2023-12-16T22:05:12","date_gmt":"2023-12-16T21:05:12","guid":{"rendered":"https:\/\/xn--bllerregiment-imb.de\/live\/?page_id=77"},"modified":"2024-03-12T12:14:24","modified_gmt":"2024-03-12T11:14:24","slug":"tradition-des-boellerns","status":"publish","type":"page","link":"https:\/\/xn--bllerregiment-imb.de\/live\/tradition-des-boellerns\/","title":{"rendered":"Tradition des B\u00f6llerns"},"content":{"rendered":"<p><img loading=\"lazy\" decoding=\"async\" class=\"alignnone size-full wp-image-476\" src=\"https:\/\/xn--bllerregiment-imb.de\/live\/wp-content\/uploads\/2024\/01\/titelneu6.jpg\" alt=\"\" width=\"1920\" height=\"128\" srcset=\"https:\/\/xn--bllerregiment-imb.de\/live\/wp-content\/uploads\/2024\/01\/titelneu6.jpg 1920w, https:\/\/xn--bllerregiment-imb.de\/live\/wp-content\/uploads\/2024\/01\/titelneu6-300x20.jpg 300w, https:\/\/xn--bllerregiment-imb.de\/live\/wp-content\/uploads\/2024\/01\/titelneu6-1024x68.jpg 1024w, https:\/\/xn--bllerregiment-imb.de\/live\/wp-content\/uploads\/2024\/01\/titelneu6-768x51.jpg 768w, https:\/\/xn--bllerregiment-imb.de\/live\/wp-content\/uploads\/2024\/01\/titelneu6-1536x102.jpg 1536w\" sizes=\"auto, (max-width: 1920px) 100vw, 1920px\" \/><\/p>\n<p style=\"text-align: center;\"><span style=\"font-family: verdana, geneva; font-size: 16px;\"><strong><span style=\"font-family: arial, helvetica, sans-serif;\"><a href=\"https:\/\/b\u00f6llerregiment.de\/live\/ueber-uns\/boellerregiment-hamburg\/\">HOME<\/a>\u00a0 \u00a0 \u00a0<a href=\"https:\/\/b\u00f6llerregiment.de\/live\/ueber-uns\/\">\u00dcBER UNS<\/a>\u00a0 \u00a0<a href=\"https:\/\/b\u00f6llerregiment.de\/live\/tradition-des-boellerns\/\">TRADITION<\/a>\u00a0 \u00a0 \u00a0<a href=\"https:\/\/b\u00f6llerregiment.de\/live\/ueber-uns\/boeller\/\">B\u00d6LLER<\/a> \u00a0 \u00a0<a href=\"https:\/\/b\u00f6llerregiment.de\/live\/veranstaltungen\/\">VERANSTALTUNGEN<\/a>\u00a0 \u00a0 <a href=\"https:\/\/b\u00f6llerregiment.de\/live\/kontakt\/\">KONTAKT<\/a> \u00a0 <a href=\"https:\/\/b\u00f6llerregiment.de\/live\/ueber-uns\/formulare-antraege\/\">FORMULARE\/ANTR\u00c4GE<\/a>\u00a0 \u00a0<a href=\"https:\/\/b\u00f6llerregiment.de\/live\/medien-und-mitschnitte\/\">MEDIEN<\/a>\u00a0 \u00a0<\/span><\/strong><\/span><span style=\"font-family: arial, helvetica, sans-serif;\"><strong><a href=\"https:\/\/b\u00f6llerregiment.de\/live\/links-und-externe-infos\/\"><span style=\"font-size: 14px;\"><span style=\"font-size: 16px;\">LINKS<\/span><\/span><\/a><\/strong><\/span><\/p>\n<p style=\"text-align: left;\"><span style=\"font-size: 18px; font-family: arial, helvetica, sans-serif;\"><strong><br \/>\nDie Tradition<\/strong><\/span><\/p>\n<p style=\"font-weight: 400; text-align: justify;\"><span style=\"font-family: arial, helvetica, sans-serif;\"><span style=\"font-size: 16px;\">Das B\u00f6llern hat eine lange Tradition. Besonders in S\u00fcddeutschland ist dieses Brauchtum sehr verbreitet und mit kirchlichen Anl\u00e4ssen fest Verbunden.\u00a0Das Oktoberfest wird ebenfalls mit B\u00f6llersch\u00fcssen er\u00f6ffnet. <\/span><span style=\"font-size: 16px;\">Im Norden wurde es haupts\u00e4chlich auf Schiffen bei Nebel (Vorl\u00e4ufer Nebelhorn) als Warnung angewendet. <\/span><span style=\"font-size: 16px;\">Der Hamburger Hafengeburtstag wird ebenfalls mit B\u00f6llersch\u00fcssen er\u00f6ffnet und was die Wenigsten wissen, in Hamburg gibt es noch 5 B\u00f6llerbasen, auf denen bei zu erwartenden Sturmfluten jeweils 2 B\u00f6llersch\u00fcsse (8 Stunden vorher) bei Hochwassergefahr zur Warnung abgeben werden. <\/span><span style=\"font-size: 16px;\">Entstanden ist die Tradition im Mittelalter, zu Ehren der Obrigkeit oder als man bei Gefahr z.B. bei anr\u00fcckenden Feinden, B\u00f6llersch\u00fcsse abgegeben hat,\u00a0damit sich die Landarbeiter in Sicherheit bringen konnten. <\/span><span style=\"font-size: 16px;\">Nicht wegzudenken ist das Salut- \/ B\u00f6llerschie\u00dfen, zu Ehren bei Staatsbesuchen,\u00a0bei der Geburt eines Thronfolgers oder Monarchen oder einen Ehrensalut bei Beerdigungen (siehe England \/ Amerika).<\/span><\/span><\/p>\n<p style=\"font-weight: 400; text-align: justify;\"><span style=\"font-family: arial, helvetica, sans-serif;\"><span style=\"font-size: 16px; color: #333300;\">Dieses friedliche Brauchtum und die sch\u00f6ne Tradition m\u00f6chten wir, das B\u00f6llerregiment Hamburg, an Sch\u00fctzenfesten und im Rahmen gr\u00f6\u00dferer Veranstaltungen\u00a0am Leben erhalten.<\/span><span style=\"font-size: 20px; color: #339966;\"><br \/>\n<\/span><\/span><\/p>\n<p style=\"text-align: center;\"><span style=\"font-family: arial, helvetica, sans-serif;\"><img loading=\"lazy\" decoding=\"async\" class=\"wp-image-32 aligncenter\" src=\"https:\/\/xn--bllerregiment-imb.de\/live\/wp-content\/uploads\/2023\/12\/nachtboellern-scaled.jpg\" alt=\"\" width=\"897\" height=\"583\" srcset=\"https:\/\/xn--bllerregiment-imb.de\/live\/wp-content\/uploads\/2023\/12\/nachtboellern-scaled.jpg 2560w, https:\/\/xn--bllerregiment-imb.de\/live\/wp-content\/uploads\/2023\/12\/nachtboellern-300x195.jpg 300w, https:\/\/xn--bllerregiment-imb.de\/live\/wp-content\/uploads\/2023\/12\/nachtboellern-1024x666.jpg 1024w, https:\/\/xn--bllerregiment-imb.de\/live\/wp-content\/uploads\/2023\/12\/nachtboellern-768x499.jpg 768w, https:\/\/xn--bllerregiment-imb.de\/live\/wp-content\/uploads\/2023\/12\/nachtboellern-1536x999.jpg 1536w, https:\/\/xn--bllerregiment-imb.de\/live\/wp-content\/uploads\/2023\/12\/nachtboellern-2048x1332.jpg 2048w\" sizes=\"auto, (max-width: 897px) 100vw, 897px\" \/><\/span><\/p>\n<div class=\"content-block-one-col-header\">\n<h2><span style=\"font-family: arial, helvetica, sans-serif; font-size: 18px;\">B\u00f6llerschie\u00dfen <span style=\"font-size: 10px; color: #808080;\">(Quelle: DSB, <strong>https:\/\/www.<\/strong>dsb.de\/tradition\/boellerwesen\/boellerschiessen)<\/span><\/span><\/h2>\n<p class=\"h2-subheadline\" style=\"text-align: justify;\"><span style=\"font-family: arial, helvetica, sans-serif; font-size: 16px;\">Was genau ist B\u00f6llern?<\/span><\/p>\n<\/div>\n<div class=\"content-block-one-col-body\">\n<div class=\"row\">\n<div class=\"text-col-1\">\n<p style=\"text-align: justify;\"><span style=\"font-family: arial, helvetica, sans-serif; font-size: 16px;\">B\u00f6llern ist ein gepflegtes Brauchtum und als Teil des \u201eSch\u00fctzenwesens in Deutschland\u201c als immaterielles Kulturgut von der Deutschen UNESCO-Kommission anerkannt! Es ist Ausdruck der Freude \u00fcber ein besonderes Ereignis und ein zeitlich begrenztes, friedliches Jubilieren. Es findet in der Bev\u00f6lkerung regen Anklang durch deren Teilnahme an den Festivit\u00e4ten des Brauchtumsvereines.<\/span><\/p>\n<p style=\"text-align: justify;\"><span style=\"font-family: arial, helvetica, sans-serif; font-size: 16px;\">Wie das Fahren eines Motorrades, eines Autos, das M\u00e4hen eines Rasens oder Aus\u00fcben eines l\u00e4rmintensiven Sports, ist das B\u00f6llern eine freiheitliche Aus\u00fcbung, die per Gesetz geregelt ist.<\/span><\/p>\n<p style=\"text-align: justify;\"><span style=\"font-family: arial, helvetica, sans-serif; font-size: 16px;\">Eine Veranstaltung mit B\u00f6llerschie\u00dfen bedarf einer Anzeige bei der Gemeinde und Polizei.<\/span><\/p>\n<p style=\"text-align: center;\"><span style=\"font-family: arial, helvetica, sans-serif; font-size: 16px;\"><img loading=\"lazy\" decoding=\"async\" class=\"wp-image-552 aligncenter\" src=\"https:\/\/xn--bllerregiment-imb.de\/live\/wp-content\/uploads\/2024\/01\/bo\u0308llerregiment-bild2-1024x768.jpg\" alt=\"\" width=\"308\" height=\"231\" srcset=\"https:\/\/xn--bllerregiment-imb.de\/live\/wp-content\/uploads\/2024\/01\/bo\u0308llerregiment-bild2-1024x768.jpg 1024w, https:\/\/xn--bllerregiment-imb.de\/live\/wp-content\/uploads\/2024\/01\/bo\u0308llerregiment-bild2-300x225.jpg 300w, https:\/\/xn--bllerregiment-imb.de\/live\/wp-content\/uploads\/2024\/01\/bo\u0308llerregiment-bild2-768x576.jpg 768w, https:\/\/xn--bllerregiment-imb.de\/live\/wp-content\/uploads\/2024\/01\/bo\u0308llerregiment-bild2-1536x1152.jpg 1536w, https:\/\/xn--bllerregiment-imb.de\/live\/wp-content\/uploads\/2024\/01\/bo\u0308llerregiment-bild2.jpg 2048w\" sizes=\"auto, (max-width: 308px) 100vw, 308px\" \/><\/span><\/p>\n<p style=\"text-align: justify;\"><span style=\"font-family: arial, helvetica, sans-serif; font-size: 16px;\"><br \/>\nDas B\u00f6llerschie\u00dfen ist der \u201cAuge- und Ohrf\u00e4nger\u201c f\u00fcr eine \u00f6ffentliche Pr\u00e4sentation anl\u00e4sslich eines besonderen Anlasses. Es erfreut sich zunehmender Beliebtheit bei aktiven Sch\u00fctzen als auch bei G\u00e4sten und Zuschauern zu. Oftmals ist nicht bekannt, was einen erwartet in einem meist \u00f6ffentlichen Auftritt der Sch\u00fctzen. Es ist kein blo\u00dfes Abbrennen von Feuerwerk, sondern ein in Jahrhunderten gewachsenes Brauchtum. Daher umfasst das B\u00f6llerwesen weit mehr als die reine T\u00e4tigkeit des Schie\u00dfens selbst. Der Anlass setzt eine \u00f6ffentliche Festivit\u00e4t voraus, somit steht meist eine direkte Tradition dahinter. So vielf\u00e4ltig die Anl\u00e4sse dazu sind, so tiefgreifend ist deren Geschichte, so umfassender ist das Brauchtum rund um das Erzeugen von L\u00e4rm.<\/span><\/p>\n<p style=\"text-align: justify;\"><span style=\"font-family: arial, helvetica, sans-serif; font-size: 16px;\">Im Allgemeinen ist L\u00e4rm als solcher verp\u00f6nt. Doch hier zeigt sich der Reiz des Seltenen und Besonderen. Wer zum ersten Mal den Blitz und den Donner erlebt, bei vielen entsteht zun\u00e4chst Erschrecken oder Furcht. Das wandelt sich schnell ins Gegenteil, wenn das friedvolle Abtun von Sch\u00fcssen einem die Augen und Ohren \u00f6ffnet.<\/span><\/p>\n<p style=\"text-align: justify;\"><span style=\"font-size: 16px;\"><span style=\"font-family: arial, helvetica, sans-serif;\">B\u00f6llersch\u00fctzen sind friedliebende und in der Region verwurzelte, freie B\u00fcrgerinnen und B\u00fcrger. Mehr als andere halten sie sich an Gesetz und Ordnung. Das B\u00f6llern ist keine kriegerische Handlung und wird keinesfalls dazu zweckentfremdet. Ausdr\u00fccklich werden eben keine Gefechtsszenen nachgestellt. Auch wird nicht mit milit\u00e4rischen Uniformen geworben. <\/span><span style=\"font-family: arial, helvetica, sans-serif;\">Dagegen ist das Tragen einer Tracht Teil einer regionalen Geschichte, Tradition und Brauchtum. Alles andere ist dagegen verp\u00f6nt und wird nicht geduldet. Nationalistische Tendenzen wie etwa v\u00f6lkische Reden oder das Vorzeigen von Reichssymbolen werden auf den B\u00f6llerveranstaltungen nicht geduldet! Das B\u00f6llerregiment Hamburg distanziert sich ausdr\u00fccklich von jeder Form von politischem Extremismus oder Gewalt.<\/span><\/span><\/p>\n<p style=\"text-align: justify;\"><span style=\"font-family: arial, helvetica, sans-serif; font-size: 16px;\">Im Gegenteil wird oftmals den Opfern von Kriegen, Verfolgung oder Katastrophen gedacht. Ihnen zu Ehren wird durch eine vorangegangene Rede meist ein Salut gewidmet. Das L\u00e4rmbrauchtum des friedlichen B\u00f6llerns diente und dient zur Ehrerweisung, bringt Freude, Trauer oder Gedenken zum Ausdruck. Oftmals wird ein Kranz an den Ehrendenkm\u00e4lern niedergelegt, um an die Schrecken von Krieg und Verfolgung zu erinnern. Schlie\u00dflich ist das Ger\u00e4t zum B\u00f6llern auch keine Waffe. In dieser Form verstehen die Sch\u00fctzen ihr ureigenes Brauchtum.<\/span><\/p>\n<p style=\"text-align: justify;\"><span style=\"font-family: arial, helvetica, sans-serif; font-size: 16px;\">Sie betreiben das Abtun von B\u00f6llersch\u00fcssen nur f\u00fcr einen begrenzten und kurzen Zeitraum. Mit R\u00fccksicht auf die Ruhezeiten werden teils Jahrhunderte alte Traditionen gepflegt. Die meiste Zeit aber wird dem geselligen Beisammensein in einer offenen Gesellschaft gewidmet. Es werden eben Volksfeste gefeiert, wie sie schon immer gefeiert wurden.<\/span><\/p>\n<p style=\"text-align: justify;\"><span style=\"font-family: arial, helvetica, sans-serif; font-size: 16px;\">Sch\u00fctzen lehnen Krieg und Gewalt in jeglicher Form ab. Jeder Mensch hat ein Recht darauf, in Frieden zu leben und sich frei zu bet\u00e4tigen. Ist es nicht eine gro\u00dfe Freude gemeinsam feiern zu k\u00f6nnen? Gerade Sch\u00fctzinnen und Sch\u00fctzen laden jeden ein, dabei zu sein!<\/span><\/p>\n<\/div>\n<div class=\"text-col-1\">\n<p style=\"text-align: justify;\"><span style=\"font-family: arial, helvetica, sans-serif; font-size: 16px;\"><strong><br \/>\nArten des B\u00f6llerns<\/strong><\/span><\/p>\n<p style=\"text-align: justify;\"><span style=\"font-family: arial, helvetica, sans-serif; font-size: 16px;\"><u>Arten des B\u00f6llerschie\u00dfens und dessen Schussfolgen<\/u><\/span><br \/>\n<span style=\"font-family: arial, helvetica, sans-serif; font-size: 16px;\">Beim Schie\u00dfen kann nach den Anl\u00e4ssen unterschieden werden, bei denen einerseits nur wenige einzelne Sch\u00fctzen, andernfalls mehrere hundert an sogenannten B\u00f6llersch\u00fctzentreffen auftreten k\u00f6nnen.<\/span><\/p>\n<p style=\"text-align: justify;\"><span style=\"font-family: arial, helvetica, sans-serif; font-size: 16px;\"><u>Schussfolgen<\/u><\/span><br \/>\n<span style=\"font-family: arial, helvetica, sans-serif; font-size: 16px;\">Es wird dabei nach bestimmten Reihenfolgen geschossen, die der Kommandant vorgibt.<\/span><\/p>\n<p style=\"text-align: justify;\"><span style=\"font-family: arial, helvetica, sans-serif; font-size: 16px;\"><u>Folgende Grundformen von Salven sind \u00fcblich:<\/u><\/span><br \/>\n<span style=\"font-family: arial, helvetica, sans-serif; font-size: 16px;\">Das Reihen- oder Lauffeuer wird im gleichen Takt &#8211; langsam &#8211; geschossen (man wartet etwa, bis man den Schall vom Vorg\u00e4nger wieder h\u00f6rt). Das geht mehrere Runden durch, daher muss der einzelne Sch\u00fctze schnell beim Nachladen sein, damit es keine Verz\u00f6gerungen gibt. Das schnelle Reihen- oder Schnellfeuer wird wie das Lauffeuer im gleichm\u00e4\u00dfigen Takt ausgef\u00fchrt, allerdings erfolgen die Sch\u00fcsse in k\u00fcrzestem Abstand unmittelbar nacheinander. Der Salutschuss erfolgt gleichzeitig von allen Sch\u00fctzen. Das Rad wird mit zunehmender Geschwindigkeit geschossen, bis die letzten 2-3 Sch\u00fctzen schon fast gleichzeitig abdr\u00fccken. Gern geschossen wir auch der Doppelschlag, bei dem zwei Sch\u00fctzinnen oder Sch\u00fctzen direkt nacheinander abfeuern und dann gewartet wird, bis die n\u00e4chsten beiden feuern. In der Pr\u00e4zision oder dem Tempo dieser Salven und ihrer Kombinationen zeigt sich die Qualit\u00e4t einer Sch\u00fctzenformation. Beim Gruppenschie\u00dfen erfolgen die einzelnen Schritte auf dem Schie\u00dfplatz, einschlie\u00dflich der Ladet\u00e4tigkeiten, auf Kommando des Sch\u00fctzenmeisters.<\/span><\/p>\n<p style=\"text-align: justify;\"><span style=\"font-family: arial, helvetica, sans-serif; font-size: 16px;\"><u>Der B\u00f6llersch\u00fctze und seine Ladungen<\/u><\/span><br \/>\n<span style=\"font-family: arial, helvetica, sans-serif; font-size: 16px;\">Die B\u00f6llerger\u00e4te sind in der Regel Vorderlader und werden mit B\u00f6llerpulver bef\u00fcllt. Das B\u00f6llerpulver besteht aus Schwarzpulver gewisser K\u00f6rnung und hat eine Abbrandgeschwindigkeit von ca. 400m\/s. Die Entz\u00fcndungstemperatur liegt bei etwa 300\u00b0C, die Verbrennungstemperatur bei etwa 2.500\u00b0C. W\u00e4hrend bei Handb\u00f6llern Kaliber von 10-25 mm \u00fcblich sind, sind es bei Standb\u00f6llern und B\u00f6llerkanonen h\u00e4ufig enorme Kaliber von bis zu 100mm. Die Pulvermenge pro Schuss betr\u00e4gt bei solch einem Kaliber bis zu 400g Schwarzpulver, im Gegensatz zu einem 20mm Handb\u00f6ller, welcher lediglich 30g Pulver ben\u00f6tigt.<\/span><\/p>\n<p><span style=\"font-family: arial, helvetica, sans-serif; font-size: 16px;\">Das B\u00f6llerpulver wird im Handb\u00f6ller mit Hilfe eines Korkens verd\u00e4mmt, da andere Verd\u00e4mmungsmaterialien in Deutschland nicht mehr erlaubt sind. In \u00d6sterreich ist es noch erlaubt, auch Papier oder Holzstoppeln zur Verd\u00e4mmung zu benutzen. Letztere bestehen meist aus Fichtenholz und finden bei B\u00f6llerstutzen Verwendung. Die Verd\u00e4mmung wird mithilfe von Hammer und Ladestock in das Rohr geschlagen.<\/span><\/p>\n<p><span style=\"font-family: arial, helvetica, sans-serif; font-size: 16px;\">Gez\u00fcndet wird die Ladung durch ein Z\u00fcndh\u00fctchen, welches wiederum durch einen Schlagbolzen (meist Kanonen und Standb\u00f6ller) oder auch durch ein Perkussionsschloss (bei Hand- und Schaftb\u00f6llern) gez\u00fcndet wird. Ebenfalls m\u00f6glich ist die Verwendung eines elektrischen Br\u00fcckenanz\u00fcnders, was gerade bei gro\u00dfkalibrigen Standb\u00f6llern zunehmend Verwendung findet.<\/span><span style=\"font-family: arial, helvetica, sans-serif; font-size: 16px;\">\u00a0<\/span><span style=\"font-family: arial, helvetica, sans-serif; font-size: 16px;\">Bei Hinterlader-Kanonen wird das Pulver nicht von vorne in das Rohr eingebracht, sondern in Form einer fertigen Kartusche von hinten geladen.<\/span><\/p>\n<\/div>\n<\/div>\n<\/div>\n","protected":false},"excerpt":{"rendered":"<p>HOME\u00a0 \u00a0 \u00a0\u00dcBER UNS\u00a0 \u00a0TRADITION\u00a0 \u00a0 \u00a0B\u00d6LLER \u00a0 \u00a0VERANSTALTUNGEN\u00a0 \u00a0 KONTAKT \u00a0 FORMULARE\/ANTR\u00c4GE\u00a0 \u00a0MEDIEN\u00a0 \u00a0LINKS Die Tradition Das B\u00f6llern hat eine lange Tradition. Besonders in S\u00fcddeutschland ist dieses Brauchtum sehr verbreitet und mit kirchlichen Anl\u00e4ssen fest Verbunden.\u00a0Das Oktoberfest wird ebenfalls mit B\u00f6llersch\u00fcssen er\u00f6ffnet. Im Norden wurde es haupts\u00e4chlich auf Schiffen bei Nebel (Vorl\u00e4ufer Nebelhorn) als [&hellip;]<\/p>\n","protected":false},"author":1,"featured_media":0,"parent":0,"menu_order":0,"comment_status":"closed","ping_status":"closed","template":"blank","meta":{"footnotes":""},"class_list":["post-77","page","type-page","status-publish","hentry"],"yoast_head":"<!-- This site is optimized with the Yoast SEO plugin v27.5 - https:\/\/yoast.com\/product\/yoast-seo-wordpress\/ -->\n<title>Tradition des B\u00f6llerns - B\u00f6llerregiment Hamburg<\/title>\n<meta name=\"description\" content=\"B\u00f6llerschie\u00dfen hat Tradition. Das B\u00f6llerregiment knallt sehr laut mit Schwarzpulver und Harzer Powder. Bucht uns f\u00fcr eure Veranstaltung.\" \/>\n<meta name=\"robots\" content=\"index, follow, max-snippet:-1, max-image-preview:large, max-video-preview:-1\" \/>\n<link rel=\"canonical\" href=\"https:\/\/xn--bllerregiment-imb.de\/live\/tradition-des-boellerns\/\" \/>\n<meta property=\"og:locale\" content=\"de_DE\" \/>\n<meta property=\"og:type\" content=\"article\" \/>\n<meta property=\"og:title\" content=\"Tradition des B\u00f6llerns - B\u00f6llerregiment Hamburg\" \/>\n<meta property=\"og:description\" content=\"B\u00f6llerschie\u00dfen hat Tradition. Das B\u00f6llerregiment knallt sehr laut mit Schwarzpulver und Harzer Powder. Bucht uns f\u00fcr eure Veranstaltung.\" \/>\n<meta property=\"og:url\" content=\"https:\/\/xn--bllerregiment-imb.de\/live\/tradition-des-boellerns\/\" \/>\n<meta property=\"og:site_name\" content=\"B\u00f6llerregiment Hamburg\" \/>\n<meta property=\"article:publisher\" content=\"https:\/\/www.facebook.com\/photo?fbid=567558023283891&amp;set=basw.Abp960-yDWiGNV0WyMocxK5nPf7QNXsEL0YreAWbHK-Zi5JuCuhneBWjEI-yl46YyWn0-jhppgFEAn3f_YsVQRNLC3m9wAZ8x9KrDaFkfontV3nhkMapNGxqpT9DtHQdguG2WoDko7URL9xaXKEz9aZn4RKDJrttjo2RXInekZBWLA&amp;opaqueCursor=AbpGCtQS0Myztt4CrA4jsAJ-ZClgweX4frfXFFYPlTBjHlJcTpIYR7Zu19pLSCRjan5jDJw5Pt-lUB8UkfLLR9yra4vaxgMVWL9gtZCKY2iai0E24vb5E28LGlL8fNpl1YKlmVT_PAu1WsgyOSR2WahAD2Tlr3ZP-MsBTcPfg2tWUVqHpSfkVjAhpSbZgfTxhv7foMqW2oNwR9Qfjh6SEq0l35jXq6V4krd_nFAh1ZyRpjAVtveVYx5iTJWxZwKuBz001IyTYAjd4OhldGL_4fGWtETYDHcAYraXHqXqiK0XEseyOeyF4Gcs32sD6G3wPmwbBt39xA_0YODARh7v36u_5VJQwsCOS7dX9AJDu7HUAOMYAkyitciJk_s-ewvcRKqi_xfZ1x0X8wjsCWo4jz9HAdfLtRQGYufskYHb5tQbK04D-8lB7U6DoKJCJJEgc-xtDT6OAW4O-8fTgAmFHGRX1Ivxn3HIJtkXcOeYmHf0bwsNJJMckfpjRvoc_IVLfSANSNPuq4naTiEtFIXdLRBIxiE46TrsQCHp6gVQLcNWAIaj8FG1w0dIf427d0yrrwBwhUdhm4l3AIGMhLhGqJrYlBy12HMvQoGIJIqFes8ZgROp_n4idUJJdXfAnEZK7BD3vA1cQ7oxTIaX5LUb4SLuoHecAGgP4U3NGTVC_GrdzWc9RttavKoxotpNS59irxRC7PA3_K-eyYBmgcSFNaWTnhkdSWrpZlfJYFb1REIWKibKeaHGFuE7EM8vte35HN2FjYF-zZoFM4l8-iohnRqEgDcU9Z-qysk0WJT1fCYytw\" \/>\n<meta property=\"article:modified_time\" content=\"2024-03-12T11:14:24+00:00\" \/>\n<meta property=\"og:image\" content=\"https:\/\/xn--bllerregiment-imb.de\/live\/wp-content\/uploads\/2024\/01\/titelneu6.jpg\" \/>\n<meta name=\"twitter:card\" content=\"summary_large_image\" \/>\n<meta name=\"twitter:label1\" content=\"Gesch\u00e4tzte Lesezeit\" \/>\n\t<meta name=\"twitter:data1\" content=\"7\u00a0Minuten\" \/>\n<script type=\"application\/ld+json\" class=\"yoast-schema-graph\">{\"@context\":\"https:\\\/\\\/schema.org\",\"@graph\":[{\"@type\":\"WebPage\",\"@id\":\"https:\\\/\\\/xn--bllerregiment-imb.de\\\/live\\\/tradition-des-boellerns\\\/\",\"url\":\"https:\\\/\\\/xn--bllerregiment-imb.de\\\/live\\\/tradition-des-boellerns\\\/\",\"name\":\"Tradition des B\u00f6llerns - B\u00f6llerregiment Hamburg\",\"isPartOf\":{\"@id\":\"https:\\\/\\\/xn--bllerregiment-imb.de\\\/live\\\/#website\"},\"primaryImageOfPage\":{\"@id\":\"https:\\\/\\\/xn--bllerregiment-imb.de\\\/live\\\/tradition-des-boellerns\\\/#primaryimage\"},\"image\":{\"@id\":\"https:\\\/\\\/xn--bllerregiment-imb.de\\\/live\\\/tradition-des-boellerns\\\/#primaryimage\"},\"thumbnailUrl\":\"https:\\\/\\\/xn--bllerregiment-imb.de\\\/live\\\/wp-content\\\/uploads\\\/2024\\\/01\\\/titelneu6.jpg\",\"datePublished\":\"2023-12-16T21:05:12+00:00\",\"dateModified\":\"2024-03-12T11:14:24+00:00\",\"description\":\"B\u00f6llerschie\u00dfen hat Tradition. Das B\u00f6llerregiment knallt sehr laut mit Schwarzpulver und Harzer Powder. Bucht uns f\u00fcr eure Veranstaltung.\",\"breadcrumb\":{\"@id\":\"https:\\\/\\\/xn--bllerregiment-imb.de\\\/live\\\/tradition-des-boellerns\\\/#breadcrumb\"},\"inLanguage\":\"de\",\"potentialAction\":[{\"@type\":\"ReadAction\",\"target\":[\"https:\\\/\\\/xn--bllerregiment-imb.de\\\/live\\\/tradition-des-boellerns\\\/\"]}]},{\"@type\":\"ImageObject\",\"inLanguage\":\"de\",\"@id\":\"https:\\\/\\\/xn--bllerregiment-imb.de\\\/live\\\/tradition-des-boellerns\\\/#primaryimage\",\"url\":\"https:\\\/\\\/xn--bllerregiment-imb.de\\\/live\\\/wp-content\\\/uploads\\\/2024\\\/01\\\/titelneu6.jpg\",\"contentUrl\":\"https:\\\/\\\/xn--bllerregiment-imb.de\\\/live\\\/wp-content\\\/uploads\\\/2024\\\/01\\\/titelneu6.jpg\",\"width\":1920,\"height\":128},{\"@type\":\"BreadcrumbList\",\"@id\":\"https:\\\/\\\/xn--bllerregiment-imb.de\\\/live\\\/tradition-des-boellerns\\\/#breadcrumb\",\"itemListElement\":[{\"@type\":\"ListItem\",\"position\":1,\"name\":\"Startseite\",\"item\":\"https:\\\/\\\/xn--bllerregiment-imb.de\\\/live\\\/\"},{\"@type\":\"ListItem\",\"position\":2,\"name\":\"Tradition des B\u00f6llerns\"}]},{\"@type\":\"WebSite\",\"@id\":\"https:\\\/\\\/xn--bllerregiment-imb.de\\\/live\\\/#website\",\"url\":\"https:\\\/\\\/xn--bllerregiment-imb.de\\\/live\\\/\",\"name\":\"B\u00f6llerregiment Hamburg\",\"description\":\"Jetzt knallts richtig!\",\"publisher\":{\"@id\":\"https:\\\/\\\/xn--bllerregiment-imb.de\\\/live\\\/#organization\"},\"alternateName\":\"B\u00f6llerregiment.de\",\"potentialAction\":[{\"@type\":\"SearchAction\",\"target\":{\"@type\":\"EntryPoint\",\"urlTemplate\":\"https:\\\/\\\/xn--bllerregiment-imb.de\\\/live\\\/?s={search_term_string}\"},\"query-input\":{\"@type\":\"PropertyValueSpecification\",\"valueRequired\":true,\"valueName\":\"search_term_string\"}}],\"inLanguage\":\"de\"},{\"@type\":\"Organization\",\"@id\":\"https:\\\/\\\/xn--bllerregiment-imb.de\\\/live\\\/#organization\",\"name\":\"B\u00f6llerregiment Hamburg\",\"alternateName\":\"Hamburger B\u00f6llerregiment\",\"url\":\"https:\\\/\\\/xn--bllerregiment-imb.de\\\/live\\\/\",\"logo\":{\"@type\":\"ImageObject\",\"inLanguage\":\"de\",\"@id\":\"https:\\\/\\\/xn--bllerregiment-imb.de\\\/live\\\/#\\\/schema\\\/logo\\\/image\\\/\",\"url\":\"https:\\\/\\\/xn--bllerregiment-imb.de\\\/live\\\/wp-content\\\/uploads\\\/2023\\\/12\\\/cropped-Logo_Bllerregiment.jpg\",\"contentUrl\":\"https:\\\/\\\/xn--bllerregiment-imb.de\\\/live\\\/wp-content\\\/uploads\\\/2023\\\/12\\\/cropped-Logo_Bllerregiment.jpg\",\"width\":1626,\"height\":2133,\"caption\":\"B\u00f6llerregiment Hamburg\"},\"image\":{\"@id\":\"https:\\\/\\\/xn--bllerregiment-imb.de\\\/live\\\/#\\\/schema\\\/logo\\\/image\\\/\"},\"sameAs\":[\"https:\\\/\\\/www.facebook.com\\\/photo?fbid=567558023283891&set=basw.Abp960-yDWiGNV0WyMocxK5nPf7QNXsEL0YreAWbHK-Zi5JuCuhneBWjEI-yl46YyWn0-jhppgFEAn3f_YsVQRNLC3m9wAZ8x9KrDaFkfontV3nhkMapNGxqpT9DtHQdguG2WoDko7URL9xaXKEz9aZn4RKDJrttjo2RXInekZBWLA&opaqueCursor=AbpGCtQS0Myztt4CrA4jsAJ-ZClgweX4frfXFFYPlTBjHlJcTpIYR7Zu19pLSCRjan5jDJw5Pt-lUB8UkfLLR9yra4vaxgMVWL9gtZCKY2iai0E24vb5E28LGlL8fNpl1YKlmVT_PAu1WsgyOSR2WahAD2Tlr3ZP-MsBTcPfg2tWUVqHpSfkVjAhpSbZgfTxhv7foMqW2oNwR9Qfjh6SEq0l35jXq6V4krd_nFAh1ZyRpjAVtveVYx5iTJWxZwKuBz001IyTYAjd4OhldGL_4fGWtETYDHcAYraXHqXqiK0XEseyOeyF4Gcs32sD6G3wPmwbBt39xA_0YODARh7v36u_5VJQwsCOS7dX9AJDu7HUAOMYAkyitciJk_s-ewvcRKqi_xfZ1x0X8wjsCWo4jz9HAdfLtRQGYufskYHb5tQbK04D-8lB7U6DoKJCJJEgc-xtDT6OAW4O-8fTgAmFHGRX1Ivxn3HIJtkXcOeYmHf0bwsNJJMckfpjRvoc_IVLfSANSNPuq4naTiEtFIXdLRBIxiE46TrsQCHp6gVQLcNWAIaj8FG1w0dIf427d0yrrwBwhUdhm4l3AIGMhLhGqJrYlBy12HMvQoGIJIqFes8ZgROp_n4idUJJdXfAnEZK7BD3vA1cQ7oxTIaX5LUb4SLuoHecAGgP4U3NGTVC_GrdzWc9RttavKoxotpNS59irxRC7PA3_K-eyYBmgcSFNaWTnhkdSWrpZlfJYFb1REIWKibKeaHGFuE7EM8vte35HN2FjYF-zZoFM4l8-iohnRqEgDcU9Z-qysk0WJT1fCYytw\",\"https:\\\/\\\/youtu.be\\\/HSir9dD-1No?feature=shared\"]}]}<\/script>\n<!-- \/ Yoast SEO plugin. -->","yoast_head_json":{"title":"Tradition des B\u00f6llerns - B\u00f6llerregiment Hamburg","description":"B\u00f6llerschie\u00dfen hat Tradition. Das B\u00f6llerregiment knallt sehr laut mit Schwarzpulver und Harzer Powder. Bucht uns f\u00fcr eure Veranstaltung.","robots":{"index":"index","follow":"follow","max-snippet":"max-snippet:-1","max-image-preview":"max-image-preview:large","max-video-preview":"max-video-preview:-1"},"canonical":"https:\/\/xn--bllerregiment-imb.de\/live\/tradition-des-boellerns\/","og_locale":"de_DE","og_type":"article","og_title":"Tradition des B\u00f6llerns - B\u00f6llerregiment Hamburg","og_description":"B\u00f6llerschie\u00dfen hat Tradition. Das B\u00f6llerregiment knallt sehr laut mit Schwarzpulver und Harzer Powder. Bucht uns f\u00fcr eure Veranstaltung.","og_url":"https:\/\/xn--bllerregiment-imb.de\/live\/tradition-des-boellerns\/","og_site_name":"B\u00f6llerregiment Hamburg","article_publisher":"https:\/\/www.facebook.com\/photo?fbid=567558023283891&set=basw.Abp960-yDWiGNV0WyMocxK5nPf7QNXsEL0YreAWbHK-Zi5JuCuhneBWjEI-yl46YyWn0-jhppgFEAn3f_YsVQRNLC3m9wAZ8x9KrDaFkfontV3nhkMapNGxqpT9DtHQdguG2WoDko7URL9xaXKEz9aZn4RKDJrttjo2RXInekZBWLA&opaqueCursor=AbpGCtQS0Myztt4CrA4jsAJ-ZClgweX4frfXFFYPlTBjHlJcTpIYR7Zu19pLSCRjan5jDJw5Pt-lUB8UkfLLR9yra4vaxgMVWL9gtZCKY2iai0E24vb5E28LGlL8fNpl1YKlmVT_PAu1WsgyOSR2WahAD2Tlr3ZP-MsBTcPfg2tWUVqHpSfkVjAhpSbZgfTxhv7foMqW2oNwR9Qfjh6SEq0l35jXq6V4krd_nFAh1ZyRpjAVtveVYx5iTJWxZwKuBz001IyTYAjd4OhldGL_4fGWtETYDHcAYraXHqXqiK0XEseyOeyF4Gcs32sD6G3wPmwbBt39xA_0YODARh7v36u_5VJQwsCOS7dX9AJDu7HUAOMYAkyitciJk_s-ewvcRKqi_xfZ1x0X8wjsCWo4jz9HAdfLtRQGYufskYHb5tQbK04D-8lB7U6DoKJCJJEgc-xtDT6OAW4O-8fTgAmFHGRX1Ivxn3HIJtkXcOeYmHf0bwsNJJMckfpjRvoc_IVLfSANSNPuq4naTiEtFIXdLRBIxiE46TrsQCHp6gVQLcNWAIaj8FG1w0dIf427d0yrrwBwhUdhm4l3AIGMhLhGqJrYlBy12HMvQoGIJIqFes8ZgROp_n4idUJJdXfAnEZK7BD3vA1cQ7oxTIaX5LUb4SLuoHecAGgP4U3NGTVC_GrdzWc9RttavKoxotpNS59irxRC7PA3_K-eyYBmgcSFNaWTnhkdSWrpZlfJYFb1REIWKibKeaHGFuE7EM8vte35HN2FjYF-zZoFM4l8-iohnRqEgDcU9Z-qysk0WJT1fCYytw","article_modified_time":"2024-03-12T11:14:24+00:00","og_image":[{"url":"https:\/\/xn--bllerregiment-imb.de\/live\/wp-content\/uploads\/2024\/01\/titelneu6.jpg","type":"","width":"","height":""}],"twitter_card":"summary_large_image","twitter_misc":{"Gesch\u00e4tzte Lesezeit":"7\u00a0Minuten"},"schema":{"@context":"https:\/\/schema.org","@graph":[{"@type":"WebPage","@id":"https:\/\/xn--bllerregiment-imb.de\/live\/tradition-des-boellerns\/","url":"https:\/\/xn--bllerregiment-imb.de\/live\/tradition-des-boellerns\/","name":"Tradition des B\u00f6llerns - B\u00f6llerregiment Hamburg","isPartOf":{"@id":"https:\/\/xn--bllerregiment-imb.de\/live\/#website"},"primaryImageOfPage":{"@id":"https:\/\/xn--bllerregiment-imb.de\/live\/tradition-des-boellerns\/#primaryimage"},"image":{"@id":"https:\/\/xn--bllerregiment-imb.de\/live\/tradition-des-boellerns\/#primaryimage"},"thumbnailUrl":"https:\/\/xn--bllerregiment-imb.de\/live\/wp-content\/uploads\/2024\/01\/titelneu6.jpg","datePublished":"2023-12-16T21:05:12+00:00","dateModified":"2024-03-12T11:14:24+00:00","description":"B\u00f6llerschie\u00dfen hat Tradition. Das B\u00f6llerregiment knallt sehr laut mit Schwarzpulver und Harzer Powder. Bucht uns f\u00fcr eure Veranstaltung.","breadcrumb":{"@id":"https:\/\/xn--bllerregiment-imb.de\/live\/tradition-des-boellerns\/#breadcrumb"},"inLanguage":"de","potentialAction":[{"@type":"ReadAction","target":["https:\/\/xn--bllerregiment-imb.de\/live\/tradition-des-boellerns\/"]}]},{"@type":"ImageObject","inLanguage":"de","@id":"https:\/\/xn--bllerregiment-imb.de\/live\/tradition-des-boellerns\/#primaryimage","url":"https:\/\/xn--bllerregiment-imb.de\/live\/wp-content\/uploads\/2024\/01\/titelneu6.jpg","contentUrl":"https:\/\/xn--bllerregiment-imb.de\/live\/wp-content\/uploads\/2024\/01\/titelneu6.jpg","width":1920,"height":128},{"@type":"BreadcrumbList","@id":"https:\/\/xn--bllerregiment-imb.de\/live\/tradition-des-boellerns\/#breadcrumb","itemListElement":[{"@type":"ListItem","position":1,"name":"Startseite","item":"https:\/\/xn--bllerregiment-imb.de\/live\/"},{"@type":"ListItem","position":2,"name":"Tradition des B\u00f6llerns"}]},{"@type":"WebSite","@id":"https:\/\/xn--bllerregiment-imb.de\/live\/#website","url":"https:\/\/xn--bllerregiment-imb.de\/live\/","name":"B\u00f6llerregiment Hamburg","description":"Jetzt knallts richtig!","publisher":{"@id":"https:\/\/xn--bllerregiment-imb.de\/live\/#organization"},"alternateName":"B\u00f6llerregiment.de","potentialAction":[{"@type":"SearchAction","target":{"@type":"EntryPoint","urlTemplate":"https:\/\/xn--bllerregiment-imb.de\/live\/?s={search_term_string}"},"query-input":{"@type":"PropertyValueSpecification","valueRequired":true,"valueName":"search_term_string"}}],"inLanguage":"de"},{"@type":"Organization","@id":"https:\/\/xn--bllerregiment-imb.de\/live\/#organization","name":"B\u00f6llerregiment Hamburg","alternateName":"Hamburger B\u00f6llerregiment","url":"https:\/\/xn--bllerregiment-imb.de\/live\/","logo":{"@type":"ImageObject","inLanguage":"de","@id":"https:\/\/xn--bllerregiment-imb.de\/live\/#\/schema\/logo\/image\/","url":"https:\/\/xn--bllerregiment-imb.de\/live\/wp-content\/uploads\/2023\/12\/cropped-Logo_Bllerregiment.jpg","contentUrl":"https:\/\/xn--bllerregiment-imb.de\/live\/wp-content\/uploads\/2023\/12\/cropped-Logo_Bllerregiment.jpg","width":1626,"height":2133,"caption":"B\u00f6llerregiment Hamburg"},"image":{"@id":"https:\/\/xn--bllerregiment-imb.de\/live\/#\/schema\/logo\/image\/"},"sameAs":["https:\/\/www.facebook.com\/photo?fbid=567558023283891&set=basw.Abp960-yDWiGNV0WyMocxK5nPf7QNXsEL0YreAWbHK-Zi5JuCuhneBWjEI-yl46YyWn0-jhppgFEAn3f_YsVQRNLC3m9wAZ8x9KrDaFkfontV3nhkMapNGxqpT9DtHQdguG2WoDko7URL9xaXKEz9aZn4RKDJrttjo2RXInekZBWLA&opaqueCursor=AbpGCtQS0Myztt4CrA4jsAJ-ZClgweX4frfXFFYPlTBjHlJcTpIYR7Zu19pLSCRjan5jDJw5Pt-lUB8UkfLLR9yra4vaxgMVWL9gtZCKY2iai0E24vb5E28LGlL8fNpl1YKlmVT_PAu1WsgyOSR2WahAD2Tlr3ZP-MsBTcPfg2tWUVqHpSfkVjAhpSbZgfTxhv7foMqW2oNwR9Qfjh6SEq0l35jXq6V4krd_nFAh1ZyRpjAVtveVYx5iTJWxZwKuBz001IyTYAjd4OhldGL_4fGWtETYDHcAYraXHqXqiK0XEseyOeyF4Gcs32sD6G3wPmwbBt39xA_0YODARh7v36u_5VJQwsCOS7dX9AJDu7HUAOMYAkyitciJk_s-ewvcRKqi_xfZ1x0X8wjsCWo4jz9HAdfLtRQGYufskYHb5tQbK04D-8lB7U6DoKJCJJEgc-xtDT6OAW4O-8fTgAmFHGRX1Ivxn3HIJtkXcOeYmHf0bwsNJJMckfpjRvoc_IVLfSANSNPuq4naTiEtFIXdLRBIxiE46TrsQCHp6gVQLcNWAIaj8FG1w0dIf427d0yrrwBwhUdhm4l3AIGMhLhGqJrYlBy12HMvQoGIJIqFes8ZgROp_n4idUJJdXfAnEZK7BD3vA1cQ7oxTIaX5LUb4SLuoHecAGgP4U3NGTVC_GrdzWc9RttavKoxotpNS59irxRC7PA3_K-eyYBmgcSFNaWTnhkdSWrpZlfJYFb1REIWKibKeaHGFuE7EM8vte35HN2FjYF-zZoFM4l8-iohnRqEgDcU9Z-qysk0WJT1fCYytw","https:\/\/youtu.be\/HSir9dD-1No?feature=shared"]}]}},"_links":{"self":[{"href":"https:\/\/xn--bllerregiment-imb.de\/live\/wp-json\/wp\/v2\/pages\/77","targetHints":{"allow":["GET"]}}],"collection":[{"href":"https:\/\/xn--bllerregiment-imb.de\/live\/wp-json\/wp\/v2\/pages"}],"about":[{"href":"https:\/\/xn--bllerregiment-imb.de\/live\/wp-json\/wp\/v2\/types\/page"}],"author":[{"embeddable":true,"href":"https:\/\/xn--bllerregiment-imb.de\/live\/wp-json\/wp\/v2\/users\/1"}],"replies":[{"embeddable":true,"href":"https:\/\/xn--bllerregiment-imb.de\/live\/wp-json\/wp\/v2\/comments?post=77"}],"version-history":[{"count":51,"href":"https:\/\/xn--bllerregiment-imb.de\/live\/wp-json\/wp\/v2\/pages\/77\/revisions"}],"predecessor-version":[{"id":609,"href":"https:\/\/xn--bllerregiment-imb.de\/live\/wp-json\/wp\/v2\/pages\/77\/revisions\/609"}],"wp:attachment":[{"href":"https:\/\/xn--bllerregiment-imb.de\/live\/wp-json\/wp\/v2\/media?parent=77"}],"curies":[{"name":"wp","href":"https:\/\/api.w.org\/{rel}","templated":true}]}}